{"id":3505,"date":"2020-07-12T21:32:06","date_gmt":"2020-07-12T21:32:06","guid":{"rendered":"https:\/\/oviedo2021.congresosefmsepr.es\/?page_id=3505"},"modified":"2026-07-08T12:57:52","modified_gmt":"2026-07-08T10:57:52","slug":"presentacion","status":"publish","type":"page","link":"https:\/\/congresosefmsepr.es\/cadiz2027\/presentacion\/","title":{"rendered":"Presentaci\u00f3n"},"content":{"rendered":"<p><div class=\"fusion-fullwidth fullwidth-box fusion-builder-row-1 fusion-parallax-none cabecera-pages hundred-percent-fullwidth non-hundred-percent-height-scrolling lazyload\"  style='background-color: rgba(255,255,255,0);background-position: center top;background-repeat: no-repeat;padding-top:50px;padding-right:50px;padding-left:50px;margin-top: -150px;-webkit-background-size:cover;-moz-background-size:cover;-o-background-size:cover;background-size:cover;' data-bg=\"https:\/\/congresosefmsepr.es\/cadiz2027\/wp-content\/uploads\/cabeceras-2026-2027.png\"><div class=\"fusion-builder-row fusion-row \"><div  class=\"fusion-layout-column fusion_builder_column fusion_builder_column_1_1 fusion-builder-column-0 fusion-one-full fusion-column-first fusion-column-last cabecera-titulo 1_1\"  style='margin-top:0px;margin-bottom:0px;'><div class=\"fusion-column-wrapper\" style=\"padding: 0px 0px 0px 0px;background-position:left top;background-repeat:no-repeat;-webkit-background-size:cover;-moz-background-size:cover;-o-background-size:cover;background-size:cover;\"   data-bg-url=\"\"><span style=\"margin-left:25px;float:right;width:100%;max-width:350px;\" class=\"fusion-imageframe imageframe-none imageframe-1 hover-type-none img-cabecera\"><img loading=\"lazy\" decoding=\"async\" src=\"https:\/\/congresosefmsepr.es\/cadiz2027\/wp-content\/uploads\/27_SEFM-SEPR__LOGO-HOR_400x122px.png\" data-orig-src=\"https:\/\/congresosefmsepr.es\/cadiz2027\/wp-content\/uploads\/27_SEFM-SEPR__LOGO-HOR_400x122px.png\" width=\"380\" height=\"118\" alt=\"\" title=\"27_SEFM-SEPR__LOGO HOR_400x122px\" class=\"lazyload img-responsive wp-image-8737\" srcset=\"data:image\/svg+xml,%3Csvg%20xmlns%3D%27http%3A%2F%2Fwww.w3.org%2F2000%2Fsvg%27%20width%3D%27380%27%20height%3D%27118%27%20viewBox%3D%270%200%20380%20118%27%3E%3Crect%20width%3D%27380%27%20height%3D%273118%27%20fill-opacity%3D%220%22%2F%3E%3C%2Fsvg%3E\" data-srcset=\"https:\/\/congresosefmsepr.es\/cadiz2027\/wp-content\/uploads\/27_SEFM-SEPR__LOGO-HOR_400x122px-200x62.png 200w, https:\/\/congresosefmsepr.es\/cadiz2027\/wp-content\/uploads\/27_SEFM-SEPR__LOGO-HOR_400x122px.png 380w\" data-sizes=\"auto\" data-orig-sizes=\"(max-width: 800px) 100vw, 380px\" \/><\/span><div class=\"fusion-sep-clear\"><\/div><div class=\"fusion-separator fusion-full-width-sep sep-none\" style=\"margin-left: auto;margin-right: auto;margin-top:15px;\"><\/div><div class=\"fusion-text fechas-cabecera\"><h4 style=\"font-family: 'bebas neue', arial; text-align: right; font-size: 20px;\">|8 \u2013 11 Junio 2027|<\/h4>\n<\/div><div class=\"fusion-sep-clear\"><\/div><div class=\"fusion-separator fusion-full-width-sep sep-none\" style=\"margin-left: auto;margin-right: auto;margin-top:70px;\"><\/div><div class=\"fusion-section-separator section-separator horizon no-mostrar\" style=\"font-size:0;line-height:0;margin-left:-50px;margin-right:-50px;\"><svg class=\"fusion-horizon-candy\" fill=\"#def3fc\" xmlns=\"http:\/\/www.w3.org\/2000\/svg\" version=\"1.1\" width=\"100%\" viewBox=\"0 -0.5 1024 178\" preserveAspectRatio=\"none\" class=\"section-separator-shortcode-divider-svg\"><path class=\"st0\" d=\"M1024 177.371H0V.219l507.699 133.939L1024 .219v177.152z\"\/>\n\t\t\t\t\t\t\t\t\t<path class=\"st1\" d=\"M1024 177.781H0V39.438l507.699 94.925L1024 39.438v138.343z\"\/>\n\t\t\t\t\t\t\t\t\t<path class=\"st2\" d=\"M1024 177.781H0v-67.892l507.699 24.474L1024 109.889v67.892z\"\/>\n\t\t\t\t\t\t\t\t\t<path class=\"st3\" d=\"M1024 177.781H0v-3.891l507.699-39.526L1024 173.889v3.892z\"\/>\n\t\t\t\t\t\t\t\t<\/svg><\/div><div class=\"fusion-clearfix\"><\/div><\/div><\/div><\/div><\/div><style type=\"text\/css\">.fusion-fullwidth.fusion-builder-row-1 a:not(.fusion-button):not(.fusion-builder-module-control):not(.fusion-social-network-icon):not(.fb-icon-element):not(.fusion-countdown-link):not(.fusion-rollover-link):not(.fusion-rollover-gallery):not(.fusion-button-bar):not(.add_to_cart_button):not(.show_details_button):not(.product_type_external):not(.fusion-quick-view):not(.fusion-rollover-title-link):not(.fusion-breadcrumb-link) , .fusion-fullwidth.fusion-builder-row-1 a:not(.fusion-button):not(.fusion-builder-module-control):not(.fusion-social-network-icon):not(.fb-icon-element):not(.fusion-countdown-link):not(.fusion-rollover-link):not(.fusion-rollover-gallery):not(.fusion-button-bar):not(.add_to_cart_button):not(.show_details_button):not(.product_type_external):not(.fusion-quick-view):not(.fusion-rollover-title-link):not(.fusion-breadcrumb-link):before, .fusion-fullwidth.fusion-builder-row-1 a:not(.fusion-button):not(.fusion-builder-module-control):not(.fusion-social-network-icon):not(.fb-icon-element):not(.fusion-countdown-link):not(.fusion-rollover-link):not(.fusion-rollover-gallery):not(.fusion-button-bar):not(.add_to_cart_button):not(.show_details_button):not(.product_type_external):not(.fusion-quick-view):not(.fusion-rollover-title-link):not(.fusion-breadcrumb-link):after {color: #0884c8;}.fusion-fullwidth.fusion-builder-row-1 a:not(.fusion-button):not(.fusion-builder-module-control):not(.fusion-social-network-icon):not(.fb-icon-element):not(.fusion-countdown-link):not(.fusion-rollover-link):not(.fusion-rollover-gallery):not(.fusion-button-bar):not(.add_to_cart_button):not(.show_details_button):not(.product_type_external):not(.fusion-quick-view):not(.fusion-rollover-title-link):not(.fusion-breadcrumb-link):hover, .fusion-fullwidth.fusion-builder-row-1 a:not(.fusion-button):not(.fusion-builder-module-control):not(.fusion-social-network-icon):not(.fb-icon-element):not(.fusion-countdown-link):not(.fusion-rollover-link):not(.fusion-rollover-gallery):not(.fusion-button-bar):not(.add_to_cart_button):not(.show_details_button):not(.product_type_external):not(.fusion-quick-view):not(.fusion-rollover-title-link):not(.fusion-breadcrumb-link):hover:before, .fusion-fullwidth.fusion-builder-row-1 a:not(.fusion-button):not(.fusion-builder-module-control):not(.fusion-social-network-icon):not(.fb-icon-element):not(.fusion-countdown-link):not(.fusion-rollover-link):not(.fusion-rollover-gallery):not(.fusion-button-bar):not(.add_to_cart_button):not(.show_details_button):not(.product_type_external):not(.fusion-quick-view):not(.fusion-rollover-title-link):not(.fusion-breadcrumb-link):hover:after {color: #0099d8;}.fusion-fullwidth.fusion-builder-row-1 .pagination a.inactive:hover, .fusion-fullwidth.fusion-builder-row-1 .fusion-filters .fusion-filter.fusion-active a {border-color: #0099d8;}.fusion-fullwidth.fusion-builder-row-1 .pagination .current {border-color: #0099d8; background-color: #0099d8;}.fusion-fullwidth.fusion-builder-row-1 .fusion-filters .fusion-filter.fusion-active a, .fusion-fullwidth.fusion-builder-row-1 .fusion-date-and-formats .fusion-format-box, .fusion-fullwidth.fusion-builder-row-1 .fusion-popover, .fusion-fullwidth.fusion-builder-row-1 .tooltip-shortcode {color: #0099d8;}#main .fusion-fullwidth.fusion-builder-row-1 .post .blog-shortcode-post-title a:hover {color: #0099d8;}<\/style><div class=\"fusion-fullwidth fullwidth-box fusion-builder-row-2 titulo-apartado hundred-percent-fullwidth non-hundred-percent-height-scrolling\"  style='background-color: rgba(255,255,255,0);background-position: center center;background-repeat: no-repeat;padding-top:0px;padding-bottom:0px;margin-top: -50px;'><div class=\"fusion-builder-row fusion-row \"><div  class=\"fusion-layout-column fusion_builder_column fusion_builder_column_1_3 fusion-builder-column-1 fusion-one-third fusion-column-first fusion-column-no-min-height 1_3\"  style='margin-top:0px;margin-bottom:0px;width:30.6666%; margin-right: 4%;'><div class=\"fusion-column-wrapper\" style=\"background-color:#068eb7;padding: 3px 10% 0px 10%;background-position:left top;background-repeat:no-repeat;-webkit-background-size:cover;-moz-background-size:cover;-o-background-size:cover;background-size:cover;\"   data-bg-url=\"\"><style type=\"text\/css\">@media only screen and (max-width:800px) {.fusion-title.fusion-title-1{margin-top:5px!important;margin-bottom:2px!important;}}<\/style><div class=\"fusion-title title fusion-title-1 fusion-sep-none fusion-title-text fusion-title-size-two\" style=\"margin-top:10px;margin-bottom:7px;\"><h2 class=\"title-heading-right\" style=\"margin:0;color:#ffffff;\">Presentaci\u00f3n<\/h2><\/div><div class=\"fusion-clearfix\"><\/div><\/div><\/div><\/div><\/div><style type=\"text\/css\">.fusion-fullwidth.fusion-builder-row-2 a:not(.fusion-button):not(.fusion-builder-module-control):not(.fusion-social-network-icon):not(.fb-icon-element):not(.fusion-countdown-link):not(.fusion-rollover-link):not(.fusion-rollover-gallery):not(.fusion-button-bar):not(.add_to_cart_button):not(.show_details_button):not(.product_type_external):not(.fusion-quick-view):not(.fusion-rollover-title-link):not(.fusion-breadcrumb-link) , .fusion-fullwidth.fusion-builder-row-2 a:not(.fusion-button):not(.fusion-builder-module-control):not(.fusion-social-network-icon):not(.fb-icon-element):not(.fusion-countdown-link):not(.fusion-rollover-link):not(.fusion-rollover-gallery):not(.fusion-button-bar):not(.add_to_cart_button):not(.show_details_button):not(.product_type_external):not(.fusion-quick-view):not(.fusion-rollover-title-link):not(.fusion-breadcrumb-link):before, .fusion-fullwidth.fusion-builder-row-2 a:not(.fusion-button):not(.fusion-builder-module-control):not(.fusion-social-network-icon):not(.fb-icon-element):not(.fusion-countdown-link):not(.fusion-rollover-link):not(.fusion-rollover-gallery):not(.fusion-button-bar):not(.add_to_cart_button):not(.show_details_button):not(.product_type_external):not(.fusion-quick-view):not(.fusion-rollover-title-link):not(.fusion-breadcrumb-link):after {color: #0884c8;}.fusion-fullwidth.fusion-builder-row-2 a:not(.fusion-button):not(.fusion-builder-module-control):not(.fusion-social-network-icon):not(.fb-icon-element):not(.fusion-countdown-link):not(.fusion-rollover-link):not(.fusion-rollover-gallery):not(.fusion-button-bar):not(.add_to_cart_button):not(.show_details_button):not(.product_type_external):not(.fusion-quick-view):not(.fusion-rollover-title-link):not(.fusion-breadcrumb-link):hover, .fusion-fullwidth.fusion-builder-row-2 a:not(.fusion-button):not(.fusion-builder-module-control):not(.fusion-social-network-icon):not(.fb-icon-element):not(.fusion-countdown-link):not(.fusion-rollover-link):not(.fusion-rollover-gallery):not(.fusion-button-bar):not(.add_to_cart_button):not(.show_details_button):not(.product_type_external):not(.fusion-quick-view):not(.fusion-rollover-title-link):not(.fusion-breadcrumb-link):hover:before, .fusion-fullwidth.fusion-builder-row-2 a:not(.fusion-button):not(.fusion-builder-module-control):not(.fusion-social-network-icon):not(.fb-icon-element):not(.fusion-countdown-link):not(.fusion-rollover-link):not(.fusion-rollover-gallery):not(.fusion-button-bar):not(.add_to_cart_button):not(.show_details_button):not(.product_type_external):not(.fusion-quick-view):not(.fusion-rollover-title-link):not(.fusion-breadcrumb-link):hover:after {color: #0099d8;}.fusion-fullwidth.fusion-builder-row-2 .pagination a.inactive:hover, .fusion-fullwidth.fusion-builder-row-2 .fusion-filters .fusion-filter.fusion-active a {border-color: #0099d8;}.fusion-fullwidth.fusion-builder-row-2 .pagination .current {border-color: #0099d8; background-color: #0099d8;}.fusion-fullwidth.fusion-builder-row-2 .fusion-filters .fusion-filter.fusion-active a, .fusion-fullwidth.fusion-builder-row-2 .fusion-date-and-formats .fusion-format-box, .fusion-fullwidth.fusion-builder-row-2 .fusion-popover, .fusion-fullwidth.fusion-builder-row-2 .tooltip-shortcode {color: #0099d8;}#main .fusion-fullwidth.fusion-builder-row-2 .post .blog-shortcode-post-title a:hover {color: #0099d8;}<\/style><div class=\"fusion-fullwidth fullwidth-box fusion-builder-row-3 fusion-parallax-none borde-page bienvenida pc nonhundred-percent-fullwidth non-hundred-percent-height-scrolling lazyload\"  style='background-color: #fafcfd;background-position: center center;background-repeat: repeat;padding-top:60px;padding-right:0px;padding-bottom:15px;padding-left:0px;' data-bg=\"https:\/\/congresosefmsepr.es\/cadiz2027\/wp-content\/uploads\/h10-page-pattern.png\"><div class=\"fusion-builder-row fusion-row \"><div  class=\"fusion-layout-column fusion_builder_column fusion_builder_column_1_3 fusion-builder-column-2 fusion-one-third fusion-column-first 1_3\"  style='margin-top:0px;margin-bottom:20px;width:33.33%;width:calc(33.33% - ( ( 4% ) * 0.3333 ) );margin-right: 4%;'><div class=\"fusion-column-wrapper\" style=\"padding: 0px 0px 0px 0px;background-position:left top;background-repeat:no-repeat;-webkit-background-size:cover;-moz-background-size:cover;-o-background-size:cover;background-size:cover;\"   data-bg-url=\"\"><span style=\"border:2px solid #068eb7;\" class=\"fusion-imageframe imageframe-none imageframe-2 hover-type-none\"><img loading=\"lazy\" decoding=\"async\" src=\"https:\/\/congresosefmsepr.es\/cadiz2027\/wp-content\/uploads\/27_SEFM-SEPR_Adaptaciones-web__cartel_600x848px.png\" data-orig-src=\"https:\/\/congresosefmsepr.es\/cadiz2027\/wp-content\/uploads\/27_SEFM-SEPR_Adaptaciones-web__cartel_600x848px.png\" width=\"600\" height=\"848\" alt=\"\" title=\"27_SEFM-SEPR_Adaptaciones-web__cartel_600x848px\" class=\"lazyload img-responsive wp-image-8734\" srcset=\"data:image\/svg+xml,%3Csvg%20xmlns%3D%27http%3A%2F%2Fwww.w3.org%2F2000%2Fsvg%27%20width%3D%27600%27%20height%3D%27848%27%20viewBox%3D%270%200%20600%20848%27%3E%3Crect%20width%3D%27600%27%20height%3D%273848%27%20fill-opacity%3D%220%22%2F%3E%3C%2Fsvg%3E\" data-srcset=\"https:\/\/congresosefmsepr.es\/cadiz2027\/wp-content\/uploads\/27_SEFM-SEPR_Adaptaciones-web__cartel_600x848px-200x283.png 200w, https:\/\/congresosefmsepr.es\/cadiz2027\/wp-content\/uploads\/27_SEFM-SEPR_Adaptaciones-web__cartel_600x848px-400x565.png 400w, https:\/\/congresosefmsepr.es\/cadiz2027\/wp-content\/uploads\/27_SEFM-SEPR_Adaptaciones-web__cartel_600x848px.png 600w\" data-sizes=\"auto\" data-orig-sizes=\"(max-width: 800px) 100vw, 400px\" \/><\/span><div class=\"fusion-clearfix\"><\/div><\/div><\/div><div  class=\"fusion-layout-column fusion_builder_column fusion_builder_column_2_3 fusion-builder-column-3 fusion-two-third fusion-column-last 2_3\"  style='margin-top:0px;margin-bottom:20px;width:66.66%;width:calc(66.66% - ( ( 4% ) * 0.6666 ) );'><div class=\"fusion-column-wrapper\" style=\"padding: 0px 0px 0px 0px;background-position:left top;background-repeat:no-repeat;-webkit-background-size:cover;-moz-background-size:cover;-o-background-size:cover;background-size:cover;\"   data-bg-url=\"\"><style type=\"text\/css\">@media only screen and (max-width:800px) {.fusion-title.fusion-title-2{margin-top:5px!important;margin-bottom:2px!important;}}<\/style><div class=\"fusion-title title fusion-title-2 sep-underline sep-solid fusion-title-text fusion-title-size-two\" style=\"border-bottom-color:#068eb7;margin-top:10px;margin-bottom:30px;\" id=\"fechas-importantes\"><h2 class=\"title-heading-left\" style=\"margin:0;\">Bienvenidos<\/h2><\/div><div class=\"fusion-text text\"><p>Estimados compa\u00f1eros y amigos:<\/p>\n<p>Es para m\u00ed un honor y un privilegio daros la bienvenida al 10\u00ba Congreso Nacional Conjunto de la Sociedad Espa\u00f1ola de F\u00edsica M\u00e9dica (SEFM) y la Sociedad Espa\u00f1ola de Protecci\u00f3n Radiol\u00f3gica (SEPR), que se celebrar\u00e1 en la luminosa y milenaria ciudad de C\u00e1diz, del 8 al 11 de junio de 2027.<\/p>\n<p>Alcanzar la d\u00e9cima edici\u00f3n de este encuentro conjunto no es s\u00f3lo una cifra, es el reflejo de una alianza consolidada, de un camino recorrido de la mano y de la madurez de dos disciplinas que son pilares fundamentales de la medicina contempor\u00e1nea y de la seguridad tecnol\u00f3gica.<\/p>\n<p>Bajo el lema \u00abM\u00e1s all\u00e1 de la radiaci\u00f3n: Precisi\u00f3n y Seguridad en una nueva era cient\u00edfica\u00bb, este congreso nace con la vocaci\u00f3n de mirar al futuro. Nos encontramos en un momento de disrupci\u00f3n tecnol\u00f3gica sin precedentes. La llegada de la inteligencia artificial, la personalizaci\u00f3n absoluta de los tratamientos, los avances en teragnosis y las nuevas normativas de seguridad nos obligan a redefinir nuestros l\u00edmites. Ya no nos limitamos a gestionar la radiaci\u00f3n, nos encontramos en una era donde la precisi\u00f3n milim\u00e9trica y la seguridad integral caminan juntas para ofrecer la mejor atenci\u00f3n posible a la sociedad.<\/p>\n<p>C\u00e1diz, con su historia, su brisa y su luz atl\u00e1ntica, se convertir\u00e1 durante estos cuatro d\u00edas en el epicentro del debate cient\u00edfico-t\u00e9cnico. El Comit\u00e9 Organizador y el Comit\u00e9 Cient\u00edfico estamos trabajando con entusiasmo para dise\u00f1ar un programa innovador, din\u00e1mico y transversal que incluye:<\/p>\n<ul>\n<li>Mesas redondas y debates sobre los retos emergentes de nuestras profesiones.<\/li>\n<li>Cursos y talleres pr\u00e1cticos enfocados en la innovaci\u00f3n tecnol\u00f3gica.<\/li>\n<li>Espacios de encuentro para compartir talento.<\/li>\n<\/ul>\n<p>M\u00e1s all\u00e1 del incuestionable valor acad\u00e9mico, este congreso es, por encima de todo, un punto de reencuentro humano. Ser\u00e1 un buen momento para compartir experiencias, debatir cara a cara, tejer nuevas redes de colaboraci\u00f3n y, por qu\u00e9 no, disfrutar de la hospitalidad, la gastronom\u00eda y el encanto inigualable de C\u00e1diz.<\/p>\n<p>Os animo a participar activamente, a presentar vuestros trabajos y a sumar vuestra voz a este foro que es de todos y para todos. Vuestro conocimiento y vuestro compromiso son el verdadero motor de esta nueva era cient\u00edfica.<\/p>\n<p>Nos vemos en C\u00e1diz para asomarnos juntos al futuro y para combinar el rigor cient\u00edfico con la calidez de su tierra.<\/p>\n<p>Un afectuoso saludo,<\/p>\n<p>Mara Iborra<br \/>\n<em>Presidenta del 10\u00ba Congreso Nacional 26 SEFM \u2013 SEPR 21<\/em><\/p>\n<\/div><div class=\"fusion-clearfix\"><\/div><\/div><\/div><\/div><\/div><style type=\"text\/css\">.fusion-fullwidth.fusion-builder-row-3 a:not(.fusion-button):not(.fusion-builder-module-control):not(.fusion-social-network-icon):not(.fb-icon-element):not(.fusion-countdown-link):not(.fusion-rollover-link):not(.fusion-rollover-gallery):not(.fusion-button-bar):not(.add_to_cart_button):not(.show_details_button):not(.product_type_external):not(.fusion-quick-view):not(.fusion-rollover-title-link):not(.fusion-breadcrumb-link) , .fusion-fullwidth.fusion-builder-row-3 a:not(.fusion-button):not(.fusion-builder-module-control):not(.fusion-social-network-icon):not(.fb-icon-element):not(.fusion-countdown-link):not(.fusion-rollover-link):not(.fusion-rollover-gallery):not(.fusion-button-bar):not(.add_to_cart_button):not(.show_details_button):not(.product_type_external):not(.fusion-quick-view):not(.fusion-rollover-title-link):not(.fusion-breadcrumb-link):before, .fusion-fullwidth.fusion-builder-row-3 a:not(.fusion-button):not(.fusion-builder-module-control):not(.fusion-social-network-icon):not(.fb-icon-element):not(.fusion-countdown-link):not(.fusion-rollover-link):not(.fusion-rollover-gallery):not(.fusion-button-bar):not(.add_to_cart_button):not(.show_details_button):not(.product_type_external):not(.fusion-quick-view):not(.fusion-rollover-title-link):not(.fusion-breadcrumb-link):after {color: #0884c8;}.fusion-fullwidth.fusion-builder-row-3 a:not(.fusion-button):not(.fusion-builder-module-control):not(.fusion-social-network-icon):not(.fb-icon-element):not(.fusion-countdown-link):not(.fusion-rollover-link):not(.fusion-rollover-gallery):not(.fusion-button-bar):not(.add_to_cart_button):not(.show_details_button):not(.product_type_external):not(.fusion-quick-view):not(.fusion-rollover-title-link):not(.fusion-breadcrumb-link):hover, .fusion-fullwidth.fusion-builder-row-3 a:not(.fusion-button):not(.fusion-builder-module-control):not(.fusion-social-network-icon):not(.fb-icon-element):not(.fusion-countdown-link):not(.fusion-rollover-link):not(.fusion-rollover-gallery):not(.fusion-button-bar):not(.add_to_cart_button):not(.show_details_button):not(.product_type_external):not(.fusion-quick-view):not(.fusion-rollover-title-link):not(.fusion-breadcrumb-link):hover:before, .fusion-fullwidth.fusion-builder-row-3 a:not(.fusion-button):not(.fusion-builder-module-control):not(.fusion-social-network-icon):not(.fb-icon-element):not(.fusion-countdown-link):not(.fusion-rollover-link):not(.fusion-rollover-gallery):not(.fusion-button-bar):not(.add_to_cart_button):not(.show_details_button):not(.product_type_external):not(.fusion-quick-view):not(.fusion-rollover-title-link):not(.fusion-breadcrumb-link):hover:after {color: #0099d8;}.fusion-fullwidth.fusion-builder-row-3 .pagination a.inactive:hover, .fusion-fullwidth.fusion-builder-row-3 .fusion-filters .fusion-filter.fusion-active a {border-color: #0099d8;}.fusion-fullwidth.fusion-builder-row-3 .pagination .current {border-color: #0099d8; background-color: #0099d8;}.fusion-fullwidth.fusion-builder-row-3 .fusion-filters .fusion-filter.fusion-active a, .fusion-fullwidth.fusion-builder-row-3 .fusion-date-and-formats .fusion-format-box, .fusion-fullwidth.fusion-builder-row-3 .fusion-popover, .fusion-fullwidth.fusion-builder-row-3 .tooltip-shortcode {color: #0099d8;}#main .fusion-fullwidth.fusion-builder-row-3 .post .blog-shortcode-post-title a:hover {color: #0099d8;}<\/style><div class=\"fusion-fullwidth fullwidth-box fusion-builder-row-4 fusion-parallax-none borde-page bienvenida mobile nonhundred-percent-fullwidth non-hundred-percent-height-scrolling lazyload\"  style='background-color: #fafcfd;background-position: center center;background-repeat: repeat;padding-top:60px;padding-right:0px;padding-bottom:15px;padding-left:0px;' data-bg=\"https:\/\/congresosefmsepr.es\/cadiz2027\/wp-content\/uploads\/h10-page-pattern.png\"><div class=\"fusion-builder-row fusion-row \"><div  class=\"fusion-layout-column fusion_builder_column fusion_builder_column_2_3 fusion-builder-column-4 fusion-two-third fusion-column-first 2_3\"  style='margin-top:0px;margin-bottom:20px;width:66.66%;width:calc(66.66% - ( ( 4% ) * 0.6666 ) );margin-right: 4%;'><div class=\"fusion-column-wrapper\" style=\"padding: 0px 0px 0px 0px;background-position:left top;background-repeat:no-repeat;-webkit-background-size:cover;-moz-background-size:cover;-o-background-size:cover;background-size:cover;\"   data-bg-url=\"\"><style type=\"text\/css\">@media only screen and (max-width:800px) {.fusion-title.fusion-title-3{margin-top:5px!important;margin-bottom:2px!important;}}<\/style><div class=\"fusion-title title fusion-title-3 sep-underline sep-solid fusion-title-text fusion-title-size-two\" style=\"border-bottom-color:#7a67ab;margin-top:10px;margin-bottom:30px;\" id=\"fechas-importantes\"><h2 class=\"title-heading-left\" style=\"margin:0;\">Bienvenidos<\/h2><\/div><div class=\"fusion-text text\"><p>Estimados compa\u00f1eros y amigos:<\/p>\n<p>Es para m\u00ed un honor y un privilegio daros la bienvenida al 10\u00ba Congreso Nacional Conjunto de la Sociedad Espa\u00f1ola de F\u00edsica M\u00e9dica (SEFM) y la Sociedad Espa\u00f1ola de Protecci\u00f3n Radiol\u00f3gica (SEPR), que se celebrar\u00e1 en la luminosa y milenaria ciudad de C\u00e1diz, del 8 al 11 de junio de 2027.<\/p>\n<p>Alcanzar la d\u00e9cima edici\u00f3n de este encuentro conjunto no es s\u00f3lo una cifra, es el reflejo de una alianza consolidada, de un camino recorrido de la mano y de la madurez de dos disciplinas que son pilares fundamentales de la medicina contempor\u00e1nea y de la seguridad tecnol\u00f3gica.<\/p>\n<p>Bajo el lema \u00abM\u00e1s all\u00e1 de la radiaci\u00f3n: Precisi\u00f3n y Seguridad en una nueva era cient\u00edfica\u00bb, este congreso nace con la vocaci\u00f3n de mirar al futuro. Nos encontramos en un momento de disrupci\u00f3n tecnol\u00f3gica sin precedentes. La llegada de la inteligencia artificial, la personalizaci\u00f3n absoluta de los tratamientos, los avances en teragnosis y las nuevas normativas de seguridad nos obligan a redefinir nuestros l\u00edmites. Ya no nos limitamos a gestionar la radiaci\u00f3n, nos encontramos en una era donde la precisi\u00f3n milim\u00e9trica y la seguridad integral caminan juntas para ofrecer la mejor atenci\u00f3n posible a la sociedad.<\/p>\n<p>C\u00e1diz, con su historia, su brisa y su luz atl\u00e1ntica, se convertir\u00e1 durante estos cuatro d\u00edas en el epicentro del debate cient\u00edfico-t\u00e9cnico. El Comit\u00e9 Organizador y el Comit\u00e9 Cient\u00edfico estamos trabajando con entusiasmo para dise\u00f1ar un programa innovador, din\u00e1mico y transversal que incluye:<\/p>\n<ul>\n<li>Mesas redondas y debates sobre los retos emergentes de nuestras profesiones.<\/li>\n<li>Cursos y talleres pr\u00e1cticos enfocados en la innovaci\u00f3n tecnol\u00f3gica.<\/li>\n<li>Espacios de encuentro para compartir talento.<\/li>\n<\/ul>\n<p>M\u00e1s all\u00e1 del incuestionable valor acad\u00e9mico, este congreso es, por encima de todo, un punto de reencuentro humano. Ser\u00e1 un buen momento para compartir experiencias, debatir cara a cara, tejer nuevas redes de colaboraci\u00f3n y, por qu\u00e9 no, disfrutar de la hospitalidad, la gastronom\u00eda y el encanto inigualable de C\u00e1diz.<\/p>\n<p>Os animo a participar activamente, a presentar vuestros trabajos y a sumar vuestra voz a este foro que es de todos y para todos. Vuestro conocimiento y vuestro compromiso son el verdadero motor de esta nueva era cient\u00edfica.<\/p>\n<p>Nos vemos en C\u00e1diz para asomarnos juntos al futuro y para combinar el rigor cient\u00edfico con la calidez de su tierra.<\/p>\n<p>Un afectuoso saludo,<\/p>\n<p>Mara Iborra<br \/>\n<em>Presidenta del 10\u00ba Congreso Nacional 26 SEFM \u2013 SEPR 21<\/em><\/p>\n<\/div><div class=\"fusion-clearfix\"><\/div><\/div><\/div><div  class=\"fusion-layout-column fusion_builder_column fusion_builder_column_1_3 fusion-builder-column-5 fusion-one-third fusion-column-last 1_3\"  style='margin-top:0px;margin-bottom:20px;width:33.33%;width:calc(33.33% - ( ( 4% ) * 0.3333 ) );'><div class=\"fusion-column-wrapper\" style=\"padding: 0px 0px 0px 0px;background-position:left top;background-repeat:no-repeat;-webkit-background-size:cover;-moz-background-size:cover;-o-background-size:cover;background-size:cover;\"   data-bg-url=\"\"><span style=\"border:2px solid #068eb7;\" class=\"fusion-imageframe imageframe-none imageframe-3 hover-type-none\"><img loading=\"lazy\" decoding=\"async\" src=\"https:\/\/congresosefmsepr.es\/cadiz2027\/wp-content\/uploads\/27_SEFM-SEPR_Adaptaciones-web__cartel_600x848px.png\" data-orig-src=\"https:\/\/congresosefmsepr.es\/cadiz2027\/wp-content\/uploads\/27_SEFM-SEPR_Adaptaciones-web__cartel_600x848px.png\" width=\"600\" height=\"848\" alt=\"\" title=\"27_SEFM-SEPR_Adaptaciones-web__cartel_600x848px\" class=\"lazyload img-responsive wp-image-8734\" srcset=\"data:image\/svg+xml,%3Csvg%20xmlns%3D%27http%3A%2F%2Fwww.w3.org%2F2000%2Fsvg%27%20width%3D%27600%27%20height%3D%27848%27%20viewBox%3D%270%200%20600%20848%27%3E%3Crect%20width%3D%27600%27%20height%3D%273848%27%20fill-opacity%3D%220%22%2F%3E%3C%2Fsvg%3E\" data-srcset=\"https:\/\/congresosefmsepr.es\/cadiz2027\/wp-content\/uploads\/27_SEFM-SEPR_Adaptaciones-web__cartel_600x848px-200x283.png 200w, https:\/\/congresosefmsepr.es\/cadiz2027\/wp-content\/uploads\/27_SEFM-SEPR_Adaptaciones-web__cartel_600x848px-400x565.png 400w, https:\/\/congresosefmsepr.es\/cadiz2027\/wp-content\/uploads\/27_SEFM-SEPR_Adaptaciones-web__cartel_600x848px.png 600w\" data-sizes=\"auto\" data-orig-sizes=\"(max-width: 800px) 100vw, 400px\" \/><\/span><div class=\"fusion-clearfix\"><\/div><\/div><\/div><\/div><\/div><style type=\"text\/css\">.fusion-fullwidth.fusion-builder-row-4 a:not(.fusion-button):not(.fusion-builder-module-control):not(.fusion-social-network-icon):not(.fb-icon-element):not(.fusion-countdown-link):not(.fusion-rollover-link):not(.fusion-rollover-gallery):not(.fusion-button-bar):not(.add_to_cart_button):not(.show_details_button):not(.product_type_external):not(.fusion-quick-view):not(.fusion-rollover-title-link):not(.fusion-breadcrumb-link) , .fusion-fullwidth.fusion-builder-row-4 a:not(.fusion-button):not(.fusion-builder-module-control):not(.fusion-social-network-icon):not(.fb-icon-element):not(.fusion-countdown-link):not(.fusion-rollover-link):not(.fusion-rollover-gallery):not(.fusion-button-bar):not(.add_to_cart_button):not(.show_details_button):not(.product_type_external):not(.fusion-quick-view):not(.fusion-rollover-title-link):not(.fusion-breadcrumb-link):before, .fusion-fullwidth.fusion-builder-row-4 a:not(.fusion-button):not(.fusion-builder-module-control):not(.fusion-social-network-icon):not(.fb-icon-element):not(.fusion-countdown-link):not(.fusion-rollover-link):not(.fusion-rollover-gallery):not(.fusion-button-bar):not(.add_to_cart_button):not(.show_details_button):not(.product_type_external):not(.fusion-quick-view):not(.fusion-rollover-title-link):not(.fusion-breadcrumb-link):after {color: #0884c8;}.fusion-fullwidth.fusion-builder-row-4 a:not(.fusion-button):not(.fusion-builder-module-control):not(.fusion-social-network-icon):not(.fb-icon-element):not(.fusion-countdown-link):not(.fusion-rollover-link):not(.fusion-rollover-gallery):not(.fusion-button-bar):not(.add_to_cart_button):not(.show_details_button):not(.product_type_external):not(.fusion-quick-view):not(.fusion-rollover-title-link):not(.fusion-breadcrumb-link):hover, .fusion-fullwidth.fusion-builder-row-4 a:not(.fusion-button):not(.fusion-builder-module-control):not(.fusion-social-network-icon):not(.fb-icon-element):not(.fusion-countdown-link):not(.fusion-rollover-link):not(.fusion-rollover-gallery):not(.fusion-button-bar):not(.add_to_cart_button):not(.show_details_button):not(.product_type_external):not(.fusion-quick-view):not(.fusion-rollover-title-link):not(.fusion-breadcrumb-link):hover:before, .fusion-fullwidth.fusion-builder-row-4 a:not(.fusion-button):not(.fusion-builder-module-control):not(.fusion-social-network-icon):not(.fb-icon-element):not(.fusion-countdown-link):not(.fusion-rollover-link):not(.fusion-rollover-gallery):not(.fusion-button-bar):not(.add_to_cart_button):not(.show_details_button):not(.product_type_external):not(.fusion-quick-view):not(.fusion-rollover-title-link):not(.fusion-breadcrumb-link):hover:after {color: #0099d8;}.fusion-fullwidth.fusion-builder-row-4 .pagination a.inactive:hover, .fusion-fullwidth.fusion-builder-row-4 .fusion-filters .fusion-filter.fusion-active a {border-color: #0099d8;}.fusion-fullwidth.fusion-builder-row-4 .pagination .current {border-color: #0099d8; background-color: #0099d8;}.fusion-fullwidth.fusion-builder-row-4 .fusion-filters .fusion-filter.fusion-active a, .fusion-fullwidth.fusion-builder-row-4 .fusion-date-and-formats .fusion-format-box, .fusion-fullwidth.fusion-builder-row-4 .fusion-popover, .fusion-fullwidth.fusion-builder-row-4 .tooltip-shortcode {color: #0099d8;}#main .fusion-fullwidth.fusion-builder-row-4 .post .blog-shortcode-post-title a:hover {color: #0099d8;}<\/style><\/p>\n","protected":false},"excerpt":{"rendered":"","protected":false},"author":1,"featured_media":0,"parent":0,"menu_order":0,"comment_status":"closed","ping_status":"closed","template":"100-width.php","meta":{"_monsterinsights_skip_tracking":false,"footnotes":""},"yoast_head":"<!-- This site is optimized with the Yoast SEO plugin v24.1 - https:\/\/yoast.com\/wordpress\/plugins\/seo\/ -->\n<title>Presentaci\u00f3n | 10\u00ba Congreso Conjunto SEFM-SEPR C\u00e1diz 2027<\/title>\n<meta name=\"description\" content=\"Es para m\u00ed un honor y un privilegio daros la bienvenida al 10\u00ba Congreso Nacional Conjunto de la SEFM y la SEPR) que se celebrar\u00e1 en C\u00e1diz.\" \/>\n<meta name=\"robots\" content=\"noindex, follow, max-snippet:-1, max-image-preview:large, max-video-preview:-1\" \/>\n<meta property=\"og:locale\" content=\"es_ES\" \/>\n<meta property=\"og:type\" content=\"article\" \/>\n<meta property=\"og:title\" content=\"Presentaci\u00f3n | 10\u00ba Congreso Conjunto SEFM-SEPR C\u00e1diz 2027\" \/>\n<meta property=\"og:description\" content=\"Es para m\u00ed un honor y un privilegio daros la bienvenida al 10\u00ba Congreso Nacional Conjunto de la SEFM y la SEPR) que se celebrar\u00e1 en C\u00e1diz.\" \/>\n<meta property=\"og:url\" content=\"https:\/\/congresosefmsepr.es\/cadiz2027\/presentacion\/\" \/>\n<meta property=\"og:site_name\" content=\"10\u00ba Congreso Conjunto SEFM-SEPR C\u00e1diz 2027\" \/>\n<meta property=\"article:modified_time\" content=\"2026-07-08T10:57:52+00:00\" \/>\n<meta name=\"twitter:card\" content=\"summary_large_image\" \/>\n<meta name=\"twitter:label1\" content=\"Tiempo de lectura\" \/>\n\t<meta name=\"twitter:data1\" content=\"9 minutos\" \/>\n<script type=\"application\/ld+json\" class=\"yoast-schema-graph\">{\"@context\":\"https:\/\/schema.org\",\"@graph\":[{\"@type\":\"WebPage\",\"@id\":\"https:\/\/congresosefmsepr.es\/cadiz2027\/presentacion\/\",\"url\":\"https:\/\/congresosefmsepr.es\/cadiz2027\/presentacion\/\",\"name\":\"Presentaci\u00f3n | 10\u00ba Congreso Conjunto SEFM-SEPR C\u00e1diz 2027\",\"isPartOf\":{\"@id\":\"https:\/\/congresosefmsepr.es\/cadiz2027\/#website\"},\"datePublished\":\"2020-07-12T21:32:06+00:00\",\"dateModified\":\"2026-07-08T10:57:52+00:00\",\"description\":\"Es para m\u00ed un honor y un privilegio daros la bienvenida al 10\u00ba Congreso Nacional Conjunto de la SEFM y la SEPR) que se celebrar\u00e1 en C\u00e1diz.\",\"breadcrumb\":{\"@id\":\"https:\/\/congresosefmsepr.es\/cadiz2027\/presentacion\/#breadcrumb\"},\"inLanguage\":\"es\",\"potentialAction\":[{\"@type\":\"ReadAction\",\"target\":[\"https:\/\/congresosefmsepr.es\/cadiz2027\/presentacion\/\"]}]},{\"@type\":\"BreadcrumbList\",\"@id\":\"https:\/\/congresosefmsepr.es\/cadiz2027\/presentacion\/#breadcrumb\",\"itemListElement\":[{\"@type\":\"ListItem\",\"position\":1,\"name\":\"Portada\",\"item\":\"https:\/\/congresosefmsepr.es\/cadiz2027\/\"},{\"@type\":\"ListItem\",\"position\":2,\"name\":\"Presentaci\u00f3n\"}]},{\"@type\":\"WebSite\",\"@id\":\"https:\/\/congresosefmsepr.es\/cadiz2027\/#website\",\"url\":\"https:\/\/congresosefmsepr.es\/cadiz2027\/\",\"name\":\"10\u00ba Congreso Conjunto SEFM-SEPR C\u00e1diz 2027\",\"description\":\"10\u00ba Congreso Conjunto SEFM-SEPR C\u00e1diz 2027\",\"potentialAction\":[{\"@type\":\"SearchAction\",\"target\":{\"@type\":\"EntryPoint\",\"urlTemplate\":\"https:\/\/congresosefmsepr.es\/cadiz2027\/?s={search_term_string}\"},\"query-input\":{\"@type\":\"PropertyValueSpecification\",\"valueRequired\":true,\"valueName\":\"search_term_string\"}}],\"inLanguage\":\"es\"}]}<\/script>\n<!-- \/ Yoast SEO plugin. -->","yoast_head_json":{"title":"Presentaci\u00f3n | 10\u00ba Congreso Conjunto SEFM-SEPR C\u00e1diz 2027","description":"Es para m\u00ed un honor y un privilegio daros la bienvenida al 10\u00ba Congreso Nacional Conjunto de la SEFM y la SEPR) que se celebrar\u00e1 en C\u00e1diz.","robots":{"index":"noindex","follow":"follow","max-snippet":"max-snippet:-1","max-image-preview":"max-image-preview:large","max-video-preview":"max-video-preview:-1"},"og_locale":"es_ES","og_type":"article","og_title":"Presentaci\u00f3n | 10\u00ba Congreso Conjunto SEFM-SEPR C\u00e1diz 2027","og_description":"Es para m\u00ed un honor y un privilegio daros la bienvenida al 10\u00ba Congreso Nacional Conjunto de la SEFM y la SEPR) que se celebrar\u00e1 en C\u00e1diz.","og_url":"https:\/\/congresosefmsepr.es\/cadiz2027\/presentacion\/","og_site_name":"10\u00ba Congreso Conjunto SEFM-SEPR C\u00e1diz 2027","article_modified_time":"2026-07-08T10:57:52+00:00","twitter_card":"summary_large_image","twitter_misc":{"Tiempo de lectura":"9 minutos"},"schema":{"@context":"https:\/\/schema.org","@graph":[{"@type":"WebPage","@id":"https:\/\/congresosefmsepr.es\/cadiz2027\/presentacion\/","url":"https:\/\/congresosefmsepr.es\/cadiz2027\/presentacion\/","name":"Presentaci\u00f3n | 10\u00ba Congreso Conjunto SEFM-SEPR C\u00e1diz 2027","isPartOf":{"@id":"https:\/\/congresosefmsepr.es\/cadiz2027\/#website"},"datePublished":"2020-07-12T21:32:06+00:00","dateModified":"2026-07-08T10:57:52+00:00","description":"Es para m\u00ed un honor y un privilegio daros la bienvenida al 10\u00ba Congreso Nacional Conjunto de la SEFM y la SEPR) que se celebrar\u00e1 en C\u00e1diz.","breadcrumb":{"@id":"https:\/\/congresosefmsepr.es\/cadiz2027\/presentacion\/#breadcrumb"},"inLanguage":"es","potentialAction":[{"@type":"ReadAction","target":["https:\/\/congresosefmsepr.es\/cadiz2027\/presentacion\/"]}]},{"@type":"BreadcrumbList","@id":"https:\/\/congresosefmsepr.es\/cadiz2027\/presentacion\/#breadcrumb","itemListElement":[{"@type":"ListItem","position":1,"name":"Portada","item":"https:\/\/congresosefmsepr.es\/cadiz2027\/"},{"@type":"ListItem","position":2,"name":"Presentaci\u00f3n"}]},{"@type":"WebSite","@id":"https:\/\/congresosefmsepr.es\/cadiz2027\/#website","url":"https:\/\/congresosefmsepr.es\/cadiz2027\/","name":"10\u00ba Congreso Conjunto SEFM-SEPR C\u00e1diz 2027","description":"10\u00ba Congreso Conjunto SEFM-SEPR C\u00e1diz 2027","potentialAction":[{"@type":"SearchAction","target":{"@type":"EntryPoint","urlTemplate":"https:\/\/congresosefmsepr.es\/cadiz2027\/?s={search_term_string}"},"query-input":{"@type":"PropertyValueSpecification","valueRequired":true,"valueName":"search_term_string"}}],"inLanguage":"es"}]}},"_links":{"self":[{"href":"https:\/\/congresosefmsepr.es\/cadiz2027\/wp-json\/wp\/v2\/pages\/3505"}],"collection":[{"href":"https:\/\/congresosefmsepr.es\/cadiz2027\/wp-json\/wp\/v2\/pages"}],"about":[{"href":"https:\/\/congresosefmsepr.es\/cadiz2027\/wp-json\/wp\/v2\/types\/page"}],"author":[{"embeddable":true,"href":"https:\/\/congresosefmsepr.es\/cadiz2027\/wp-json\/wp\/v2\/users\/1"}],"replies":[{"embeddable":true,"href":"https:\/\/congresosefmsepr.es\/cadiz2027\/wp-json\/wp\/v2\/comments?post=3505"}],"version-history":[{"count":77,"href":"https:\/\/congresosefmsepr.es\/cadiz2027\/wp-json\/wp\/v2\/pages\/3505\/revisions"}],"predecessor-version":[{"id":3520,"href":"https:\/\/congresosefmsepr.es\/cadiz2027\/wp-json\/wp\/v2\/pages\/3505\/revisions\/3520"}],"wp:attachment":[{"href":"https:\/\/congresosefmsepr.es\/cadiz2027\/wp-json\/wp\/v2\/media?parent=3505"}],"curies":[{"name":"wp","href":"https:\/\/api.w.org\/{rel}","templated":true}]}}